{"id":1419,"date":"2026-02-06T10:32:23","date_gmt":"2026-02-06T09:32:23","guid":{"rendered":"https:\/\/mar-blau.com\/barco\/amarre-10-m-x-370-m-mallorca-cala-gamba\/"},"modified":"2026-03-19T18:00:46","modified_gmt":"2026-03-19T17:00:46","slug":"amarre-10-m-x-370-m-mallorca-cala-gamba","status":"publish","type":"barco","link":"https:\/\/mar-blau.com\/de\/barco\/amarre-10-m-x-370-m-mallorca-cala-gamba\/","title":{"rendered":"Liegeplatz 10 m x 3,70 m Mallorca Cala Gamba"},"content":{"rendered":"\n<p>Liegeplatz 10 m x 3,70 m im Club N\u00e1utico Cala Gamba (Palma de Mallorca). In der N\u00e4he der sch\u00f6nsten Str\u00e4nde von Mallorca und sch\u00f6ne Ankerpl\u00e4tze.<br>Sehr gut gelegen, mit Wasser, Strom, Sicherheit, Parkplatz, Tankstelle, Segelschule, Restaurant, Bar, WIFI, tolle Atmosph\u00e4re das ganze Jahr \u00fcber, \u2026<br>Konzession bis 2046.<\/p>\n","protected":false},"featured_media":1586,"template":"","meta":{"_acf_changed":false,"jetpack_publicize_message":"","jetpack_publicize_feature_enabled":true,"jetpack_social_post_already_shared":false,"jetpack_social_options":{"image_generator_settings":{"template":"highway","default_image_id":0,"font":"","enabled":false},"version":2}},"marcas":[],"ano":[200],"tipo":[43],"eslora":[55],"class_list":["post-1419","barco","type-barco","status-publish","has-post-thumbnail","hentry","ano-200","tipo-liegeplatz","eslora-10-15m"],"acf":{"photo_gallery":{"galeria_del_barco":[[{"id":1921,"title":"Amarre 10 m x 3,70 m Mallorca Cala Gamba - Imagen 1","caption":"","full_image_url":"https:\/\/mar-blau.com\/wp-content\/uploads\/2026\/02\/CalaGamba-Web-1.jpg","thumbnail_image_url":"https:\/\/mar-blau.com\/wp-content\/uploads\/2026\/02\/CalaGamba-Web-1-150x150.jpg","large_srcset":"https:\/\/mar-blau.com\/wp-content\/uploads\/2026\/02\/CalaGamba-Web-1-1024x715.jpg 1024w, https:\/\/mar-blau.com\/wp-content\/uploads\/2026\/02\/CalaGamba-Web-1-300x209.jpg 300w, https:\/\/mar-blau.com\/wp-content\/uploads\/2026\/02\/CalaGamba-Web-1-768x536.jpg 768w, https:\/\/mar-blau.com\/wp-content\/uploads\/2026\/02\/CalaGamba-Web-1.jpg 1199w","medium_srcset":"https:\/\/mar-blau.com\/wp-content\/uploads\/2026\/02\/CalaGamba-Web-1-300x209.jpg 300w, https:\/\/mar-blau.com\/wp-content\/uploads\/2026\/02\/CalaGamba-Web-1-1024x715.jpg 1024w, https:\/\/mar-blau.com\/wp-content\/uploads\/2026\/02\/CalaGamba-Web-1-768x536.jpg 768w, https:\/\/mar-blau.com\/wp-content\/uploads\/2026\/02\/CalaGamba-Web-1.jpg 1199w","media_details":{"width":1199,"height":837,"sizes":{"medium":{"file":"CalaGamba-Web-1-300x209.jpg","width":300,"height":209,"mime-type":"image\/jpeg","filesize":19231,"source_url":"https:\/\/mar-blau.com\/wp-content\/uploads\/2026\/02\/CalaGamba-Web-1-300x209.jpg"},"large":{"file":"CalaGamba-Web-1-1024x715.jpg","width":1024,"height":715,"mime-type":"image\/jpeg","filesize":174292,"source_url":"https:\/\/mar-blau.com\/wp-content\/uploads\/2026\/02\/CalaGamba-Web-1-1024x715.jpg"},"thumbnail":{"file":"CalaGamba-Web-1-150x150.jpg","width":150,"height":150,"mime-type":"image\/jpeg","filesize":8107,"source_url":"https:\/\/mar-blau.com\/wp-content\/uploads\/2026\/02\/CalaGamba-Web-1-150x150.jpg"},"medium_large":{"file":"CalaGamba-Web-1-768x536.jpg","width":768,"height":536,"mime-type":"image\/jpeg","filesize":107050,"source_url":"https:\/\/mar-blau.com\/wp-content\/uploads\/2026\/02\/CalaGamba-Web-1-768x536.jpg"}}},"alt_text":"Amarre 10 m x 3,70 m Mallorca Cala Gamba","url":"","target":""},{"id":1922,"title":"Amarre 10 m x 3,70 m Mallorca Cala Gamba - Imagen 2","caption":"","full_image_url":"https:\/\/mar-blau.com\/wp-content\/uploads\/2026\/02\/Cala-Gamba-Plano.jpg","thumbnail_image_url":"https:\/\/mar-blau.com\/wp-content\/uploads\/2026\/02\/Cala-Gamba-Plano-150x150.jpg","large_srcset":"https:\/\/mar-blau.com\/wp-content\/uploads\/2026\/02\/Cala-Gamba-Plano.jpg 250w, https:\/\/mar-blau.com\/wp-content\/uploads\/2026\/02\/Cala-Gamba-Plano-150x150.jpg 150w","medium_srcset":"https:\/\/mar-blau.com\/wp-content\/uploads\/2026\/02\/Cala-Gamba-Plano.jpg 250w, https:\/\/mar-blau.com\/wp-content\/uploads\/2026\/02\/Cala-Gamba-Plano-150x150.jpg 150w","media_details":{"width":250,"height":250,"sizes":{"thumbnail":{"file":"Cala-Gamba-Plano-150x150.jpg","width":150,"height":150,"mime-type":"image\/jpeg","filesize":5394,"source_url":"https:\/\/mar-blau.com\/wp-content\/uploads\/2026\/02\/Cala-Gamba-Plano-150x150.jpg"}}},"alt_text":"Amarre 10 m x 3,70 m Mallorca Cala Gamba","url":"","target":""}]]}},"yoast_head":"<!-- This site is optimized with the Yoast SEO plugin v27.3 - https:\/\/yoast.com\/product\/yoast-seo-wordpress\/ -->\n<title>Liegeplatz 10 m x 3,70 m Mallorca Cala Gamba - Mar Blau Brokerage<\/title>\n<meta name=\"robots\" content=\"index, follow, max-snippet:-1, max-image-preview:large, max-video-preview:-1\" \/>\n<link rel=\"canonical\" href=\"https:\/\/mar-blau.com\/de\/barco\/amarre-10-m-x-370-m-mallorca-cala-gamba\/\" \/>\n<meta property=\"og:locale\" content=\"de_DE\" \/>\n<meta property=\"og:type\" content=\"article\" \/>\n<meta property=\"og:title\" content=\"Liegeplatz 10 m x 3,70 m Mallorca Cala Gamba - Mar Blau Brokerage\" \/>\n<meta property=\"og:description\" content=\"Liegeplatz 10 m x 3,70 m im Club N\u00e1utico Cala Gamba (Palma de Mallorca). In der N\u00e4he der sch\u00f6nsten Str\u00e4nde von Mallorca und sch\u00f6ne Ankerpl\u00e4tze.Sehr gut gelegen, mit Wasser, Strom, Sicherheit, Parkplatz, Tankstelle, Segelschule, Restaurant, Bar, WIFI, tolle Atmosph\u00e4re das ganze Jahr \u00fcber, \u2026Konzession bis 2046.\" \/>\n<meta property=\"og:url\" content=\"https:\/\/mar-blau.com\/de\/barco\/amarre-10-m-x-370-m-mallorca-cala-gamba\/\" \/>\n<meta property=\"og:site_name\" content=\"Mar Blau Brokerage\" \/>\n<meta property=\"article:publisher\" content=\"https:\/\/www.facebook.com\/Mar-Blau-Brokerage-151966638193109\/?ref=br_rs\" \/>\n<meta property=\"article:modified_time\" content=\"2026-03-19T17:00:46+00:00\" \/>\n<meta property=\"og:image\" content=\"https:\/\/mar-blau.com\/wp-content\/uploads\/2026\/02\/CalaGamba-Web.jpg\" \/>\n\t<meta property=\"og:image:width\" content=\"1199\" \/>\n\t<meta property=\"og:image:height\" content=\"837\" \/>\n\t<meta property=\"og:image:type\" content=\"image\/jpeg\" \/>\n<meta name=\"twitter:card\" content=\"summary_large_image\" \/>\n<meta name=\"twitter:label1\" content=\"Gesch\u00e4tzte Lesezeit\" \/>\n\t<meta name=\"twitter:data1\" content=\"1\u00a0Minute\" \/>\n<script type=\"application\/ld+json\" class=\"yoast-schema-graph\">{\"@context\":\"https:\\\/\\\/schema.org\",\"@graph\":[{\"@type\":\"WebPage\",\"@id\":\"https:\\\/\\\/mar-blau.com\\\/de\\\/barco\\\/amarre-10-m-x-370-m-mallorca-cala-gamba\\\/\",\"url\":\"https:\\\/\\\/mar-blau.com\\\/de\\\/barco\\\/amarre-10-m-x-370-m-mallorca-cala-gamba\\\/\",\"name\":\"Liegeplatz 10 m x 3,70 m Mallorca Cala Gamba - Mar Blau Brokerage\",\"isPartOf\":{\"@id\":\"https:\\\/\\\/mar-blau.com\\\/#website\"},\"primaryImageOfPage\":{\"@id\":\"https:\\\/\\\/mar-blau.com\\\/de\\\/barco\\\/amarre-10-m-x-370-m-mallorca-cala-gamba\\\/#primaryimage\"},\"image\":{\"@id\":\"https:\\\/\\\/mar-blau.com\\\/de\\\/barco\\\/amarre-10-m-x-370-m-mallorca-cala-gamba\\\/#primaryimage\"},\"thumbnailUrl\":\"https:\\\/\\\/mar-blau.com\\\/wp-content\\\/uploads\\\/2026\\\/02\\\/CalaGamba-Web.jpg\",\"datePublished\":\"2026-02-06T09:32:23+00:00\",\"dateModified\":\"2026-03-19T17:00:46+00:00\",\"breadcrumb\":{\"@id\":\"https:\\\/\\\/mar-blau.com\\\/de\\\/barco\\\/amarre-10-m-x-370-m-mallorca-cala-gamba\\\/#breadcrumb\"},\"inLanguage\":\"de\",\"potentialAction\":[{\"@type\":\"ReadAction\",\"target\":[\"https:\\\/\\\/mar-blau.com\\\/de\\\/barco\\\/amarre-10-m-x-370-m-mallorca-cala-gamba\\\/\"]}]},{\"@type\":\"ImageObject\",\"inLanguage\":\"de\",\"@id\":\"https:\\\/\\\/mar-blau.com\\\/de\\\/barco\\\/amarre-10-m-x-370-m-mallorca-cala-gamba\\\/#primaryimage\",\"url\":\"https:\\\/\\\/mar-blau.com\\\/wp-content\\\/uploads\\\/2026\\\/02\\\/CalaGamba-Web.jpg\",\"contentUrl\":\"https:\\\/\\\/mar-blau.com\\\/wp-content\\\/uploads\\\/2026\\\/02\\\/CalaGamba-Web.jpg\",\"width\":1199,\"height\":837},{\"@type\":\"BreadcrumbList\",\"@id\":\"https:\\\/\\\/mar-blau.com\\\/de\\\/barco\\\/amarre-10-m-x-370-m-mallorca-cala-gamba\\\/#breadcrumb\",\"itemListElement\":[{\"@type\":\"ListItem\",\"position\":1,\"name\":\"Portada\",\"item\":\"https:\\\/\\\/mar-blau.com\\\/de\\\/\"},{\"@type\":\"ListItem\",\"position\":2,\"name\":\"Liegeplatz 10 m x 3,70 m Mallorca Cala Gamba\"}]},{\"@type\":\"WebSite\",\"@id\":\"https:\\\/\\\/mar-blau.com\\\/#website\",\"url\":\"https:\\\/\\\/mar-blau.com\\\/\",\"name\":\"Mar Blau\",\"description\":\"International Yacht Brokerage\",\"publisher\":{\"@id\":\"https:\\\/\\\/mar-blau.com\\\/#organization\"},\"potentialAction\":[{\"@type\":\"SearchAction\",\"target\":{\"@type\":\"EntryPoint\",\"urlTemplate\":\"https:\\\/\\\/mar-blau.com\\\/?s={search_term_string}\"},\"query-input\":{\"@type\":\"PropertyValueSpecification\",\"valueRequired\":true,\"valueName\":\"search_term_string\"}}],\"inLanguage\":\"de\"},{\"@type\":\"Organization\",\"@id\":\"https:\\\/\\\/mar-blau.com\\\/#organization\",\"name\":\"Mar Blau\",\"url\":\"https:\\\/\\\/mar-blau.com\\\/\",\"logo\":{\"@type\":\"ImageObject\",\"inLanguage\":\"de\",\"@id\":\"https:\\\/\\\/mar-blau.com\\\/#\\\/schema\\\/logo\\\/image\\\/\",\"url\":\"https:\\\/\\\/mar-blau.com\\\/wp-content\\\/uploads\\\/2025\\\/09\\\/logotipo-mar-blau.png\",\"contentUrl\":\"https:\\\/\\\/mar-blau.com\\\/wp-content\\\/uploads\\\/2025\\\/09\\\/logotipo-mar-blau.png\",\"width\":500,\"height\":212,\"caption\":\"Mar Blau\"},\"image\":{\"@id\":\"https:\\\/\\\/mar-blau.com\\\/#\\\/schema\\\/logo\\\/image\\\/\"},\"sameAs\":[\"https:\\\/\\\/www.facebook.com\\\/Mar-Blau-Brokerage-151966638193109\\\/?ref=br_rs\"]}]}<\/script>\n<!-- \/ Yoast SEO plugin. -->","yoast_head_json":{"title":"Liegeplatz 10 m x 3,70 m Mallorca Cala Gamba - Mar Blau Brokerage","robots":{"index":"index","follow":"follow","max-snippet":"max-snippet:-1","max-image-preview":"max-image-preview:large","max-video-preview":"max-video-preview:-1"},"canonical":"https:\/\/mar-blau.com\/de\/barco\/amarre-10-m-x-370-m-mallorca-cala-gamba\/","og_locale":"de_DE","og_type":"article","og_title":"Liegeplatz 10 m x 3,70 m Mallorca Cala Gamba - Mar Blau Brokerage","og_description":"Liegeplatz 10 m x 3,70 m im Club N\u00e1utico Cala Gamba (Palma de Mallorca). In der N\u00e4he der sch\u00f6nsten Str\u00e4nde von Mallorca und sch\u00f6ne Ankerpl\u00e4tze.Sehr gut gelegen, mit Wasser, Strom, Sicherheit, Parkplatz, Tankstelle, Segelschule, Restaurant, Bar, WIFI, tolle Atmosph\u00e4re das ganze Jahr \u00fcber, \u2026Konzession bis 2046.","og_url":"https:\/\/mar-blau.com\/de\/barco\/amarre-10-m-x-370-m-mallorca-cala-gamba\/","og_site_name":"Mar Blau Brokerage","article_publisher":"https:\/\/www.facebook.com\/Mar-Blau-Brokerage-151966638193109\/?ref=br_rs","article_modified_time":"2026-03-19T17:00:46+00:00","og_image":[{"width":1199,"height":837,"url":"https:\/\/mar-blau.com\/wp-content\/uploads\/2026\/02\/CalaGamba-Web.jpg","type":"image\/jpeg"}],"twitter_card":"summary_large_image","twitter_misc":{"Gesch\u00e4tzte Lesezeit":"1\u00a0Minute"},"schema":{"@context":"https:\/\/schema.org","@graph":[{"@type":"WebPage","@id":"https:\/\/mar-blau.com\/de\/barco\/amarre-10-m-x-370-m-mallorca-cala-gamba\/","url":"https:\/\/mar-blau.com\/de\/barco\/amarre-10-m-x-370-m-mallorca-cala-gamba\/","name":"Liegeplatz 10 m x 3,70 m Mallorca Cala Gamba - Mar Blau Brokerage","isPartOf":{"@id":"https:\/\/mar-blau.com\/#website"},"primaryImageOfPage":{"@id":"https:\/\/mar-blau.com\/de\/barco\/amarre-10-m-x-370-m-mallorca-cala-gamba\/#primaryimage"},"image":{"@id":"https:\/\/mar-blau.com\/de\/barco\/amarre-10-m-x-370-m-mallorca-cala-gamba\/#primaryimage"},"thumbnailUrl":"https:\/\/mar-blau.com\/wp-content\/uploads\/2026\/02\/CalaGamba-Web.jpg","datePublished":"2026-02-06T09:32:23+00:00","dateModified":"2026-03-19T17:00:46+00:00","breadcrumb":{"@id":"https:\/\/mar-blau.com\/de\/barco\/amarre-10-m-x-370-m-mallorca-cala-gamba\/#breadcrumb"},"inLanguage":"de","potentialAction":[{"@type":"ReadAction","target":["https:\/\/mar-blau.com\/de\/barco\/amarre-10-m-x-370-m-mallorca-cala-gamba\/"]}]},{"@type":"ImageObject","inLanguage":"de","@id":"https:\/\/mar-blau.com\/de\/barco\/amarre-10-m-x-370-m-mallorca-cala-gamba\/#primaryimage","url":"https:\/\/mar-blau.com\/wp-content\/uploads\/2026\/02\/CalaGamba-Web.jpg","contentUrl":"https:\/\/mar-blau.com\/wp-content\/uploads\/2026\/02\/CalaGamba-Web.jpg","width":1199,"height":837},{"@type":"BreadcrumbList","@id":"https:\/\/mar-blau.com\/de\/barco\/amarre-10-m-x-370-m-mallorca-cala-gamba\/#breadcrumb","itemListElement":[{"@type":"ListItem","position":1,"name":"Portada","item":"https:\/\/mar-blau.com\/de\/"},{"@type":"ListItem","position":2,"name":"Liegeplatz 10 m x 3,70 m Mallorca Cala Gamba"}]},{"@type":"WebSite","@id":"https:\/\/mar-blau.com\/#website","url":"https:\/\/mar-blau.com\/","name":"Mar Blau","description":"International Yacht Brokerage","publisher":{"@id":"https:\/\/mar-blau.com\/#organization"},"potentialAction":[{"@type":"SearchAction","target":{"@type":"EntryPoint","urlTemplate":"https:\/\/mar-blau.com\/?s={search_term_string}"},"query-input":{"@type":"PropertyValueSpecification","valueRequired":true,"valueName":"search_term_string"}}],"inLanguage":"de"},{"@type":"Organization","@id":"https:\/\/mar-blau.com\/#organization","name":"Mar Blau","url":"https:\/\/mar-blau.com\/","logo":{"@type":"ImageObject","inLanguage":"de","@id":"https:\/\/mar-blau.com\/#\/schema\/logo\/image\/","url":"https:\/\/mar-blau.com\/wp-content\/uploads\/2025\/09\/logotipo-mar-blau.png","contentUrl":"https:\/\/mar-blau.com\/wp-content\/uploads\/2025\/09\/logotipo-mar-blau.png","width":500,"height":212,"caption":"Mar Blau"},"image":{"@id":"https:\/\/mar-blau.com\/#\/schema\/logo\/image\/"},"sameAs":["https:\/\/www.facebook.com\/Mar-Blau-Brokerage-151966638193109\/?ref=br_rs"]}]}},"jetpack_publicize_connections":[],"_links":{"self":[{"href":"https:\/\/mar-blau.com\/de\/wp-json\/wp\/v2\/barco\/1419","targetHints":{"allow":["GET"]}}],"collection":[{"href":"https:\/\/mar-blau.com\/de\/wp-json\/wp\/v2\/barco"}],"about":[{"href":"https:\/\/mar-blau.com\/de\/wp-json\/wp\/v2\/types\/barco"}],"version-history":[{"count":1,"href":"https:\/\/mar-blau.com\/de\/wp-json\/wp\/v2\/barco\/1419\/revisions"}],"predecessor-version":[{"id":1423,"href":"https:\/\/mar-blau.com\/de\/wp-json\/wp\/v2\/barco\/1419\/revisions\/1423"}],"wp:featuredmedia":[{"embeddable":true,"href":"https:\/\/mar-blau.com\/de\/wp-json\/wp\/v2\/media\/1586"}],"wp:attachment":[{"href":"https:\/\/mar-blau.com\/de\/wp-json\/wp\/v2\/media?parent=1419"}],"wp:term":[{"taxonomy":"marcas","embeddable":true,"href":"https:\/\/mar-blau.com\/de\/wp-json\/wp\/v2\/marcas?post=1419"},{"taxonomy":"ano","embeddable":true,"href":"https:\/\/mar-blau.com\/de\/wp-json\/wp\/v2\/ano?post=1419"},{"taxonomy":"tipo","embeddable":true,"href":"https:\/\/mar-blau.com\/de\/wp-json\/wp\/v2\/tipo?post=1419"},{"taxonomy":"eslora","embeddable":true,"href":"https:\/\/mar-blau.com\/de\/wp-json\/wp\/v2\/eslora?post=1419"}],"curies":[{"name":"wp","href":"https:\/\/api.w.org\/{rel}","templated":true}]}}