{"id":919,"date":"2025-09-08T11:35:31","date_gmt":"2025-09-08T09:35:31","guid":{"rendered":"https:\/\/mar-blau.com\/politica-de-privacidad\/"},"modified":"2026-01-16T09:54:35","modified_gmt":"2026-01-16T08:54:35","slug":"datenschutzrichtlinie","status":"publish","type":"page","link":"https:\/\/mar-blau.com\/de\/datenschutzrichtlinie\/","title":{"rendered":"Datenschutzrichtlinie"},"content":{"rendered":"\t\t<div data-elementor-type=\"wp-page\" data-elementor-id=\"919\" class=\"elementor elementor-919 elementor-3\" data-elementor-post-type=\"page\">\n\t\t\t\t<div class=\"elementor-element elementor-element-f7e6881 e-flex e-con-boxed e-con e-parent\" data-id=\"f7e6881\" data-element_type=\"container\" data-e-type=\"container\" data-settings=\"{&quot;background_background&quot;:&quot;classic&quot;}\">\n\t\t\t\t\t<div class=\"e-con-inner\">\n\t\t<div class=\"elementor-element elementor-element-0e8755a e-con-full e-flex e-con e-child\" data-id=\"0e8755a\" data-element_type=\"container\" data-e-type=\"container\">\n\t\t\t\t<div class=\"elementor-element elementor-element-cee19c6 elementor-widget elementor-widget-heading\" data-id=\"cee19c6\" data-element_type=\"widget\" data-e-type=\"widget\" data-widget_type=\"heading.default\">\n\t\t\t\t\t<h1 class=\"elementor-heading-title elementor-size-default\">Pol\u00edtica de privacidad<\/h1>\t\t\t\t<\/div>\n\t\t\t\t<\/div>\n\t\t\t\t\t<\/div>\n\t\t\t\t<\/div>\n\t\t<div class=\"elementor-element elementor-element-fcdeed1 e-flex e-con-boxed e-con e-parent\" data-id=\"fcdeed1\" data-element_type=\"container\" data-e-type=\"container\">\n\t\t\t\t\t<div class=\"e-con-inner\">\n\t\t\t\t<div class=\"elementor-element elementor-element-1ff020b elementor-widget elementor-widget-text-editor\" data-id=\"1ff020b\" data-element_type=\"widget\" data-e-type=\"widget\" data-widget_type=\"text-editor.default\">\n\t\t\t\t\t\t\t\t\t<p>Lionel Laurens, en adelante <strong>MAR BLAU<\/strong> asume la m\u00e1xima responsabilidad y compromiso con el establecimiento, implementaci\u00f3n y mantenimiento de la presente Pol\u00edtica de Protecci\u00f3n de Datos, garantizando la mejora continua del tratamiento con el objetivo de alcanzar la excelencia en relaci\u00f3n con el cumplimiento del Reglamento (UE) 2016\/679 del Parlamento Europeo y del Consejo, de 27 de abril de 2016, relativo a la protecci\u00f3n de las personas f\u00edsicas en lo que respecta al tratamiento de datos personales y a la libre circulaci\u00f3n de estos datos y por el que se deroga la Directiva 95\/46\/CE (Reglamento general de protecci\u00f3n de datos) (DOUE L 119\/1, 04-05-2016), y de la normativa espa\u00f1ola de protecci\u00f3n de datos de car\u00e1cter personal (Ley Org\u00e1nica, legislaci\u00f3n sectorial espec\u00edfica y sus normas de desarrollo).<\/p>\n<p>La Pol\u00edtica de Protecci\u00f3n de Datos de <strong>MAR BLAU<\/strong>\u00a0se vertebra en el principio de responsabilidad proactiva, seg\u00fan el cual el responsable del tratamiento es responsable del cumplimiento del marco normativo y jurisprudencial que gobierna dicha pol\u00edtica, y es capaz de demostrarlo ante las autoridades de control competentes.<\/p>\n<p>En tal sentido, el responsable del tratamiento se regir\u00e1 por los siguientes principios que deben servir a toda la organizaci\u00f3n como gu\u00eda y marco de referencia en el tratamiento de datos personales:<\/p>\n<p><strong>Protecci\u00f3n de datos desde el dise\u00f1o:<\/strong>\u00a0el responsable del tratamiento aplicar\u00e1, tanto en el momento de determinar los medios de tratamiento como en el momento del propio tratamiento, medidas t\u00e9cnicas y organizativas apropiadas, como la seudonimizaci\u00f3n, concebidas para aplicar de forma efectiva los principios de protecci\u00f3n de datos, como la minimizaci\u00f3n de datos, e integrar las garant\u00edas necesarias en el tratamiento.<\/p>\n<p><strong>Protecci\u00f3n de datos por defecto:<\/strong>\u00a0el responsable del tratamiento aplicar\u00e1 las medidas t\u00e9cnicas y organizativas apropiadas con miras a garantizar que, por defecto, solo sean objeto de tratamiento los datos personales que sean necesarios para cada uno de los fines espec\u00edficos del tratamiento.<\/p>\n<p><strong>Protecci\u00f3n de datos en el ciclo de vida de la informaci\u00f3n:<\/strong>\u00a0las medidas que garanticen la protecci\u00f3n de los datos personales ser\u00e1n aplicables durante el ciclo completo de la vida de la informaci\u00f3n.<\/p>\n<p><strong>Licitud, lealtad y transparencia:<\/strong>\u00a0los datos personales ser\u00e1n tratados de manera l\u00edcita, leal y transparente en relaci\u00f3n con el interesado.<\/p>\n<p><strong>Limitaci\u00f3n de la finalidad:<\/strong>\u00a0los datos personales ser\u00e1n recogidos con fines determinados, expl\u00edcitos y leg\u00edtimos, y no ser\u00e1n tratados ulteriormente de manera incompatible con los fines por los cuales fueron recogidos.<\/p>\n<p><strong>Proporcionalidad:<\/strong>\u00a0Los datos personales ser\u00e1n adecuados, pertinentes y limitados a lo necesario en relaci\u00f3n con los fines para los que son tratados.<\/p>\n<p><strong>Exactitud:<\/strong>\u00a0los datos personales ser\u00e1n exactos y actualizados; se adoptar\u00e1n todas las medidas razonables para que se supriman o rectifiquen sin dilaci\u00f3n los datos personales que sean inexactos con respecto a los fines para los que se tratan.<\/p>\n<p><strong>Limitaci\u00f3n del plazo de conservaci\u00f3n:<\/strong>\u00a0los datos personales ser\u00e1n mantenidos de forma que se permita la identificaci\u00f3n de los interesados durante no m\u00e1s tiempo del necesario para los fines del tratamiento correspondiente.<\/p>\n<p><strong>Integridad y confidencialidad:<\/strong>\u00a0los datos personales ser\u00e1n tratados de tal manera que se garantice la seguridad de los mismos, incluida la protecci\u00f3n contra el tratamiento no autorizado o il\u00edcito y contra su p\u00e9rdida, destrucci\u00f3n o da\u00f1o accidental, mediante la aplicaci\u00f3n de medidas t\u00e9cnicas u organizativas apropiadas.<\/p>\n<p><strong>Informaci\u00f3n y formaci\u00f3n:<\/strong>\u00a0una de las claves para garantizar la protecci\u00f3n de los datos personales es la formaci\u00f3n e informaci\u00f3n que se facilite al personal involucrado en el tratamiento de los mismos. Durante el ciclo de vida de los datos personales, todo el personal con acceso a los datos ser\u00e1 convenientemente formado e informado acerca de sus obligaciones en relaci\u00f3n con el cumplimiento de la normativa de protecci\u00f3n de datos.<\/p>\n<p>De la misma forma y atendiendo a lo dispuesto en la LOPDGDD 3\/2018 de 5 de diciembre, Ley Org\u00e1nica de Protecci\u00f3n de Datos y de Garant\u00edas de los Derechos Digitales, en su t\u00edtulo X (Arts. 79 al 97), <strong>MAR BLAU<\/strong>, recoge y publica en su pol\u00edtica tales derechos y se compromete al cumplimiento de aquellos que le sea de imposici\u00f3n legal.<\/p>\n<p>Los derechos en la Era digital<\/p>\n<p>Derecho a la neutralidad de Internet<\/p>\n<p>Derecho de acceso universal a Internet<\/p>\n<p>Derecho a la seguridad digital<\/p>\n<p>Derecho a la educaci\u00f3n digital<\/p>\n<p>Protecci\u00f3n de los menores en Internet<\/p>\n<p>Derecho de rectificaci\u00f3n en Internet<\/p>\n<p>Derecho a la actualizaci\u00f3n de informaciones en medios de comunicaci\u00f3n digitales<\/p>\n<p>Derecho a la intimidad y uso de dispositivos digitales en el \u00e1mbito laboral<\/p>\n<p>Derecho a la desconexi\u00f3n digital en el \u00e1mbito laboral<\/p>\n<p>Derecho a la intimidad frente al uso de dispositivos de videovigilancia y de grabaci\u00f3n de sonidos en el lugar de trabajo<\/p>\n<p>Derecho a la intimidad ante la utilizaci\u00f3n de sistemas de geolocalizaci\u00f3n en el \u00e1mbito Laboral<\/p>\n<p>Derechos digitales en la negociaci\u00f3n colectiva<\/p>\n<p>Protecci\u00f3n de datos de los menores en Internet<\/p>\n<p>Derecho al olvido en b\u00fasquedas de Internet<\/p>\n<p>Derecho al olvido en servicios de redes sociales y servicios equivalentes<\/p>\n<p>Derecho de portabilidad en servicios de redes sociales y servicios equivalentes<\/p>\n<p>Derecho al testamento digital<\/p>\n<p>Pol\u00edticas de impulso de los derechos digitales<\/p>\n<p>La Pol\u00edtica de Protecci\u00f3n de Datos de <strong>MAR BLAU<\/strong>\u00a0es comunicada a todo el personal del responsable del tratamiento y puesta a disposici\u00f3n de todas las partes interesadas.<\/p>\n<p>En consecuencia, la presente Pol\u00edtica de Protecci\u00f3n de Datos involucra a todo el personal del responsable del tratamiento, que debe conocerla y asumirla, consider\u00e1ndola como propia, siendo cada miembro responsable de aplicarla y de verificar las normas de protecci\u00f3n de datos aplicables a su actividad, as\u00ed como identificar y aportar las oportunidades de mejora que considere oportunas con el objetivo de alcanzar la excelencia en relaci\u00f3n con su cumplimiento.<\/p>\n<p>La pol\u00edtica de privacidad de <strong>MAR BLAU<\/strong>\u00a0deber\u00e1 ser conocida y acatada por los Encargados de Tratamiento de datos externos que accedan a datos personales del Responsable.<\/p>\n<p>Esta Pol\u00edtica ser\u00e1 revisada por <strong>MAR BLAU<\/strong>, tantas veces como se considere necesario, para adecuarse, en todo momento, a las disposiciones vigentes en materia de protecci\u00f3n de datos de car\u00e1cter personal.<\/p>\t\t\t\t\t\t\t\t<\/div>\n\t\t\t\t\t<\/div>\n\t\t\t\t<\/div>\n\t\t\t\t<\/div>\n\t\t","protected":false},"excerpt":{"rendered":"<p>Pol\u00edtica de privacidad Lionel Laurens, en adelante MAR BLAU asume la m\u00e1xima responsabilidad y compromiso con el establecimiento, implementaci\u00f3n y mantenimiento de la presente Pol\u00edtica de Protecci\u00f3n de Datos, garantizando la mejora continua del tratamiento con el objetivo de alcanzar la excelencia en relaci\u00f3n con el cumplimiento del Reglamento (UE) 2016\/679 del Parlamento Europeo y &#8230; <a title=\"Datenschutzrichtlinie\" class=\"read-more\" href=\"https:\/\/mar-blau.com\/de\/datenschutzrichtlinie\/\" aria-label=\"Mehr Informationen \u00fcber Datenschutzrichtlinie\">Weiterlesen<\/a><\/p>\n","protected":false},"author":1,"featured_media":0,"parent":0,"menu_order":0,"comment_status":"closed","ping_status":"closed","template":"elementor_header_footer","meta":{"_acf_changed":false,"_joinchat":[],"footnotes":""},"class_list":["post-919","page","type-page","status-publish"],"acf":[],"yoast_head":"<!-- This site is optimized with the Yoast SEO plugin v27.3 - https:\/\/yoast.com\/product\/yoast-seo-wordpress\/ -->\n<title>Datenschutzrichtlinie - Mar Blau Brokerage<\/title>\n<meta name=\"robots\" content=\"index, follow, max-snippet:-1, max-image-preview:large, max-video-preview:-1\" \/>\n<link rel=\"canonical\" href=\"https:\/\/mar-blau.com\/de\/datenschutzrichtlinie\/\" \/>\n<meta property=\"og:locale\" content=\"de_DE\" \/>\n<meta property=\"og:type\" content=\"article\" \/>\n<meta property=\"og:title\" content=\"Datenschutzrichtlinie - Mar Blau Brokerage\" \/>\n<meta property=\"og:description\" content=\"Pol\u00edtica de privacidad Lionel Laurens, en adelante MAR BLAU asume la m\u00e1xima responsabilidad y compromiso con el establecimiento, implementaci\u00f3n y mantenimiento de la presente Pol\u00edtica de Protecci\u00f3n de Datos, garantizando la mejora continua del tratamiento con el objetivo de alcanzar la excelencia en relaci\u00f3n con el cumplimiento del Reglamento (UE) 2016\/679 del Parlamento Europeo y ... Weiterlesen\" \/>\n<meta property=\"og:url\" content=\"https:\/\/mar-blau.com\/de\/datenschutzrichtlinie\/\" \/>\n<meta property=\"og:site_name\" content=\"Mar Blau Brokerage\" \/>\n<meta property=\"article:publisher\" content=\"https:\/\/www.facebook.com\/Mar-Blau-Brokerage-151966638193109\/?ref=br_rs\" \/>\n<meta property=\"article:modified_time\" content=\"2026-01-16T08:54:35+00:00\" \/>\n<meta name=\"twitter:card\" content=\"summary_large_image\" \/>\n<meta name=\"twitter:label1\" content=\"Gesch\u00e4tzte Lesezeit\" \/>\n\t<meta name=\"twitter:data1\" content=\"5\u00a0Minuten\" \/>\n<script type=\"application\/ld+json\" class=\"yoast-schema-graph\">{\"@context\":\"https:\\\/\\\/schema.org\",\"@graph\":[{\"@type\":\"WebPage\",\"@id\":\"https:\\\/\\\/mar-blau.com\\\/de\\\/datenschutzrichtlinie\\\/\",\"url\":\"https:\\\/\\\/mar-blau.com\\\/de\\\/datenschutzrichtlinie\\\/\",\"name\":\"Datenschutzrichtlinie - Mar Blau Brokerage\",\"isPartOf\":{\"@id\":\"https:\\\/\\\/mar-blau.com\\\/#website\"},\"datePublished\":\"2025-09-08T09:35:31+00:00\",\"dateModified\":\"2026-01-16T08:54:35+00:00\",\"breadcrumb\":{\"@id\":\"https:\\\/\\\/mar-blau.com\\\/de\\\/datenschutzrichtlinie\\\/#breadcrumb\"},\"inLanguage\":\"de\",\"potentialAction\":[{\"@type\":\"ReadAction\",\"target\":[\"https:\\\/\\\/mar-blau.com\\\/de\\\/datenschutzrichtlinie\\\/\"]}]},{\"@type\":\"BreadcrumbList\",\"@id\":\"https:\\\/\\\/mar-blau.com\\\/de\\\/datenschutzrichtlinie\\\/#breadcrumb\",\"itemListElement\":[{\"@type\":\"ListItem\",\"position\":1,\"name\":\"Portada\",\"item\":\"https:\\\/\\\/mar-blau.com\\\/de\\\/\"},{\"@type\":\"ListItem\",\"position\":2,\"name\":\"Datenschutzrichtlinie\"}]},{\"@type\":\"WebSite\",\"@id\":\"https:\\\/\\\/mar-blau.com\\\/#website\",\"url\":\"https:\\\/\\\/mar-blau.com\\\/\",\"name\":\"Mar Blau\",\"description\":\"International Yacht Brokerage\",\"publisher\":{\"@id\":\"https:\\\/\\\/mar-blau.com\\\/#organization\"},\"potentialAction\":[{\"@type\":\"SearchAction\",\"target\":{\"@type\":\"EntryPoint\",\"urlTemplate\":\"https:\\\/\\\/mar-blau.com\\\/?s={search_term_string}\"},\"query-input\":{\"@type\":\"PropertyValueSpecification\",\"valueRequired\":true,\"valueName\":\"search_term_string\"}}],\"inLanguage\":\"de\"},{\"@type\":\"Organization\",\"@id\":\"https:\\\/\\\/mar-blau.com\\\/#organization\",\"name\":\"Mar Blau\",\"url\":\"https:\\\/\\\/mar-blau.com\\\/\",\"logo\":{\"@type\":\"ImageObject\",\"inLanguage\":\"de\",\"@id\":\"https:\\\/\\\/mar-blau.com\\\/#\\\/schema\\\/logo\\\/image\\\/\",\"url\":\"https:\\\/\\\/mar-blau.com\\\/wp-content\\\/uploads\\\/2025\\\/09\\\/logotipo-mar-blau.png\",\"contentUrl\":\"https:\\\/\\\/mar-blau.com\\\/wp-content\\\/uploads\\\/2025\\\/09\\\/logotipo-mar-blau.png\",\"width\":500,\"height\":212,\"caption\":\"Mar Blau\"},\"image\":{\"@id\":\"https:\\\/\\\/mar-blau.com\\\/#\\\/schema\\\/logo\\\/image\\\/\"},\"sameAs\":[\"https:\\\/\\\/www.facebook.com\\\/Mar-Blau-Brokerage-151966638193109\\\/?ref=br_rs\"]}]}<\/script>\n<!-- \/ Yoast SEO plugin. -->","yoast_head_json":{"title":"Datenschutzrichtlinie - Mar Blau Brokerage","robots":{"index":"index","follow":"follow","max-snippet":"max-snippet:-1","max-image-preview":"max-image-preview:large","max-video-preview":"max-video-preview:-1"},"canonical":"https:\/\/mar-blau.com\/de\/datenschutzrichtlinie\/","og_locale":"de_DE","og_type":"article","og_title":"Datenschutzrichtlinie - Mar Blau Brokerage","og_description":"Pol\u00edtica de privacidad Lionel Laurens, en adelante MAR BLAU asume la m\u00e1xima responsabilidad y compromiso con el establecimiento, implementaci\u00f3n y mantenimiento de la presente Pol\u00edtica de Protecci\u00f3n de Datos, garantizando la mejora continua del tratamiento con el objetivo de alcanzar la excelencia en relaci\u00f3n con el cumplimiento del Reglamento (UE) 2016\/679 del Parlamento Europeo y ... Weiterlesen","og_url":"https:\/\/mar-blau.com\/de\/datenschutzrichtlinie\/","og_site_name":"Mar Blau Brokerage","article_publisher":"https:\/\/www.facebook.com\/Mar-Blau-Brokerage-151966638193109\/?ref=br_rs","article_modified_time":"2026-01-16T08:54:35+00:00","twitter_card":"summary_large_image","twitter_misc":{"Gesch\u00e4tzte Lesezeit":"5\u00a0Minuten"},"schema":{"@context":"https:\/\/schema.org","@graph":[{"@type":"WebPage","@id":"https:\/\/mar-blau.com\/de\/datenschutzrichtlinie\/","url":"https:\/\/mar-blau.com\/de\/datenschutzrichtlinie\/","name":"Datenschutzrichtlinie - Mar Blau Brokerage","isPartOf":{"@id":"https:\/\/mar-blau.com\/#website"},"datePublished":"2025-09-08T09:35:31+00:00","dateModified":"2026-01-16T08:54:35+00:00","breadcrumb":{"@id":"https:\/\/mar-blau.com\/de\/datenschutzrichtlinie\/#breadcrumb"},"inLanguage":"de","potentialAction":[{"@type":"ReadAction","target":["https:\/\/mar-blau.com\/de\/datenschutzrichtlinie\/"]}]},{"@type":"BreadcrumbList","@id":"https:\/\/mar-blau.com\/de\/datenschutzrichtlinie\/#breadcrumb","itemListElement":[{"@type":"ListItem","position":1,"name":"Portada","item":"https:\/\/mar-blau.com\/de\/"},{"@type":"ListItem","position":2,"name":"Datenschutzrichtlinie"}]},{"@type":"WebSite","@id":"https:\/\/mar-blau.com\/#website","url":"https:\/\/mar-blau.com\/","name":"Mar Blau","description":"International Yacht Brokerage","publisher":{"@id":"https:\/\/mar-blau.com\/#organization"},"potentialAction":[{"@type":"SearchAction","target":{"@type":"EntryPoint","urlTemplate":"https:\/\/mar-blau.com\/?s={search_term_string}"},"query-input":{"@type":"PropertyValueSpecification","valueRequired":true,"valueName":"search_term_string"}}],"inLanguage":"de"},{"@type":"Organization","@id":"https:\/\/mar-blau.com\/#organization","name":"Mar Blau","url":"https:\/\/mar-blau.com\/","logo":{"@type":"ImageObject","inLanguage":"de","@id":"https:\/\/mar-blau.com\/#\/schema\/logo\/image\/","url":"https:\/\/mar-blau.com\/wp-content\/uploads\/2025\/09\/logotipo-mar-blau.png","contentUrl":"https:\/\/mar-blau.com\/wp-content\/uploads\/2025\/09\/logotipo-mar-blau.png","width":500,"height":212,"caption":"Mar Blau"},"image":{"@id":"https:\/\/mar-blau.com\/#\/schema\/logo\/image\/"},"sameAs":["https:\/\/www.facebook.com\/Mar-Blau-Brokerage-151966638193109\/?ref=br_rs"]}]}},"_links":{"self":[{"href":"https:\/\/mar-blau.com\/de\/wp-json\/wp\/v2\/pages\/919","targetHints":{"allow":["GET"]}}],"collection":[{"href":"https:\/\/mar-blau.com\/de\/wp-json\/wp\/v2\/pages"}],"about":[{"href":"https:\/\/mar-blau.com\/de\/wp-json\/wp\/v2\/types\/page"}],"author":[{"embeddable":true,"href":"https:\/\/mar-blau.com\/de\/wp-json\/wp\/v2\/users\/1"}],"replies":[{"embeddable":true,"href":"https:\/\/mar-blau.com\/de\/wp-json\/wp\/v2\/comments?post=919"}],"version-history":[{"count":1,"href":"https:\/\/mar-blau.com\/de\/wp-json\/wp\/v2\/pages\/919\/revisions"}],"predecessor-version":[{"id":922,"href":"https:\/\/mar-blau.com\/de\/wp-json\/wp\/v2\/pages\/919\/revisions\/922"}],"wp:attachment":[{"href":"https:\/\/mar-blau.com\/de\/wp-json\/wp\/v2\/media?parent=919"}],"curies":[{"name":"wp","href":"https:\/\/api.w.org\/{rel}","templated":true}]}}